{"id":8,"date":"2016-09-01T22:08:36","date_gmt":"2016-09-01T22:08:36","guid":{"rendered":"http:\/\/me-busca.cl\/abogados\/?page_id=8"},"modified":"2025-02-03T20:10:56","modified_gmt":"2025-02-03T20:10:56","slug":"nosotros","status":"publish","type":"page","link":"https:\/\/www.molinarillonycia.cl\/index.php\/nosotros\/","title":{"rendered":"Nosotros"},"content":{"rendered":"<div id=\"pl-8\"><div class=\"panel-grid\" id=\"pg-8-0\" ><div class=\"panel-grid-cell\" id=\"pgc-8-0-0\" ><div class=\"so-panel widget widget_sow-editor panel-first-child panel-last-child\" id=\"panel-8-0-0-0\" data-index=\"0\"><div class=\"cuadro panel-widget-style\" ><div class=\"so-widget-sow-editor so-widget-sow-editor-base\"><h3 class=\"widget-title\">Rodrigo\u00a0Molina Rill\u00f3n<\/h3>\n<div class=\"siteorigin-widget-tinymce textwidget\">\n\t<p style=\"text-align: justify;\"><img fetchpriority=\"high\" fetchpriority=\"high\" decoding=\"async\" class=\"size-full wp-image-132 aligncenter\" src=\"http:\/\/www.molinarillonycia.cl\/wp-content\/uploads\/2016\/09\/rodrigo-1-1.png\" alt=\"rodrigo-1\" width=\"240\" height=\"240\" srcset=\"https:\/\/www.molinarillonycia.cl\/wp-content\/uploads\/2016\/09\/rodrigo-1-1.png 240w, https:\/\/www.molinarillonycia.cl\/wp-content\/uploads\/2016\/09\/rodrigo-1-1-150x150.png 150w\" sizes=\"(max-width: 240px) 100vw, 240px\" \/><\/p>\n<p>Abogado fundador del estudio Molina Rillon y C\u00eda desde el 2016, especializ\u00e1ndose en el Derecho penal y familia, contando\u00a0 con una amplia\u00a0 experiencia y capacitaci\u00f3n en esta \u00e1rea del Derecho.<\/p>\n<p>El abogado Rodrigo Molina se ha destacado en su ejercicio profesional de abogado como profesor universitario, donde se puede destacar lo siguiente en su trayectoria:<\/p>\n<ul style=\"text-align: justify;\">\n<li>(2012 a la fecha) se ha dedicado al ejercicio libre de la profesi\u00f3n en el \u00e1rea penal.<\/li>\n<li>(Junio del 2009\u00a0 al 2012) Abogado externo o consultor del estudio jur\u00eddico \u201cBalmaceda &amp; Hoyos\u201d, a cargo de las causas de Reforma Procesal Penal y externo en casos puntuales del estudio jur\u00eddico: \u201cInsunza y Cia\u201d.<\/li>\n<li>(2007-2009) Abogado defensor penal p\u00fablico, asumiendo la representaci\u00f3n de la defensa de imputados desarrollando las funciones propias del cargo de defensor, \u00a0con logros de absoluci\u00f3n en juicios orales el tiempo que se desarroll\u00f3 en dicha instituci\u00f3n.<\/li>\n<li>(2005-2007) Abogado de asistente de fiscal en la fiscal\u00eda VI Regi\u00f3n, en Rengo, San Fernando y Metropolitana sur (Regi\u00f3n Metropolitana), actuando en investigaciones en casos de delitos complejos.<\/li>\n<\/ul>\n<p><strong>Casos emblem\u00e1ticos que ha llevado:<\/strong><\/p>\n<ul>\n<li style=\"text-align: justify;\">Fraude al fisco contra concejales del\u00a0 municipio de Huechuraba<\/li>\n<li style=\"text-align: justify;\">Defensa de Extradici\u00f3n Pasiva ante la Exltma. Corte Suprema<\/li>\n<li>Manipulaci\u00f3n burs\u00e1til y uso de informaci\u00f3n privilegiada de la empresa Schwager (primera condena en Chile por estos delitos)<\/li>\n<li>Defensa ante el pleno de la Excelent\u00edsima Corte Suprema en la caso de corrupci\u00f3n de jueces de Arica<\/li>\n<li>Primera declaraci\u00f3n previa de error judicial \u00a0ante la Exltma. Corte Suprema, en caso de violaci\u00f3n de la ciudad de Los Andes (2015)<\/li>\n<\/ul>\n<p><strong>Formaci\u00f3n acad\u00e9mica:<\/strong><\/p>\n<ul>\n<li><strong>(2005) UNIVERSIDAD DE CHILE Abogado (Voto de distinci\u00f3n)<\/strong><\/li>\n<li>(2004) UNIVERSIDAD ANDRES BELLO,\u00a0Diplomado en reforma procesal penal (dos votos de distinci\u00f3n)<\/li>\n<li>(2009) UNIVERSIDAD CENTRAL,\u00a0Mag\u00edster en derecho penal en aspectos sustantivos y procedimentales\u00a0 (voto de distinci\u00f3n<\/li>\n<li>(2016) Universidad Cat\u00f3lica de Chile,\u00a0Diplomado en Derecho Penal Econ\u00f3mico<\/li>\n<\/ul>\n<ul>\n<li>Adem\u00e1s, el abogado Molina Rillon ha ejercido la actividad docente como profesor\u00a0 de Derecho Penal en la Universidad Aut\u00f3noma,\u00a0 en cursos especializados de derecho Penal en la Universidad las Am\u00e9ricas, \u00a0en la Universidad Central, desde el 2009 hasta el 2013<\/li>\n<\/ul>\n<p><em><a href=\"mailto:rmolina@molinarillonycia.cl\" target=\"_blank\" rel=\"noopener\">rmolina@molinarillonycia.cl<\/a><br \/>\nTel. <a href=\"tel:9 8837 9601\" target=\"_blank\" rel=\"noopener\">9 8837 9601<\/a><\/em><\/p>\n<\/div>\n<\/div><\/div><\/div><\/div><div class=\"panel-grid-cell\" id=\"pgc-8-0-1\" ><div class=\"so-panel widget widget_sow-editor panel-first-child panel-last-child\" id=\"panel-8-0-1-0\" data-index=\"1\"><div class=\"cuadro panel-widget-style\" ><div class=\"so-widget-sow-editor so-widget-sow-editor-base\"><h3 class=\"widget-title\"> Carolina Lav\u00edn<\/h3>\n<div class=\"siteorigin-widget-tinymce textwidget\">\n\t<p style=\"text-align: justify;\"><img decoding=\"async\" class=\"size-full wp-image-132 aligncenter\" src=\"http:\/\/www.molinarillonycia.cl\/wp-content\/uploads\/2025\/01\/foto-2025.png\" alt=\"rodrigo-1\" width=\"240\" height=\"240\" \/><\/p>\n<p style=\"text-align: justify;\">Abogada, de la Universidad de Los Andes, Post\u00edtulo en Econom\u00eda y Finanzas en la Universidad de Chile, Magister en Derecho Constitucional en la Pontificia Universidad Cat\u00f3lica de Chile. 19 a\u00f1os de experiencia en la Administraci\u00f3n P\u00fablica y Privada, l\u00edder y formadora de trabajo en equipo.<\/p>\n<p><strong>ANTECEDENTES LABORALES Y EXPERIENCIA<\/strong><\/p>\n<p>2021-2025 : Actualmente abogada corporativa, litigios, resoluci\u00f3n de conflictos para diferentes empresas nacionales e internacionales en estudio jur\u00eddico Carolina Lav\u00edn.<\/p>\n<p>2021: Candidata a Senadora por la UDI en la Regi\u00f3n Metropolitana de Santiago.<\/p>\n<p>2018- 2021 : Secretaria Regional Ministerial de Justicia y Derechos Humanos de la Regi\u00f3n Metropolitana. A cargo de un equipo de 30 personas directamente y de 8.000 personas indirectamente y dentro del cargo, realic\u00e9 las siguientes funciones:<\/p>\n<p>-Coordinar las pol\u00edticas de la Intendencia en materia de Justicia y Derechos Humanos en la Regi\u00f3n Metropolitana.<\/p>\n<p>-Coordinar en la Regi\u00f3n Metropolitana las pol\u00edticas en materia de Justicia y Derechos Humanos del Ministerio de Justicia y Derechos Humanos de Chile. Dentro de estas coordinaciones, ten\u00eda a mi cargo 6 servicios: 1.- Servicio de Registro Civil e Identificaci\u00f3n; 2.- Servicio M\u00e9dico Legal.; 3.- Corporaci\u00f3n de Asistencia Judicial; 4.- Gendarmer\u00eda de Chile; 5.- SENAME; y 6.- Defensor\u00eda Penal P\u00fablica.<\/p>\n<p>2001-2018: Asesora Jur\u00eddica de la Direcci\u00f3n de Asesor\u00eda Jur\u00eddica de la Ilustre Municipalidad de Estaci\u00f3n Central, temas de derecho administrativo y pol\u00edtica comunal.<\/p>\n<p>2008-2018: Socia y abogada de Estudio Jur\u00eddico, dedicada a asesor\u00edas en materia de derecho administrativo y asesor\u00eda a empresas en derecho corporativo.<\/p>\n<p>2016: Candidata a Diputada por el distrito de Santiago, Providencia, Nu\u00f1oa, San Joaqu\u00edn y Macul.<\/p>\n<p>2008-2016: Concejala electa de la UDI, 2 periodos, por la comuna de Santiago Centro.<\/p>\n<p>2007-2008: Gerente legal Acciona Concesiones.<\/p>\n<p>2007-2010: Profesora-Ayudante, Universidad Andr\u00e9s Bello, curso \u201cDerecho Administrativo\u201d, dirigido a alumnos de Segundo a\u00f1o de derecho.<\/p>\n<p><strong>PUBLICACIONES<\/strong><\/p>\n<p>1.- Ensayo, publicado en www.microjuris.cl, denominado: \u201cLa Administraci\u00f3n P\u00fablica y la Ley de Subcontrataci\u00f3n\u201d, realizado con fecha 15 de Marzo de 2008.<\/p>\n<p>2.- Ensayo, publicado en www.microjuris.cl, denominado: \u201cLa \u00c9tica y la Ley en la Celebraci\u00f3n de Contratos entre la Administraci\u00f3n P\u00fablica y Particulares\u201d, publicado el 11 de Junio de 2008.<\/p>\n<p><a href=\"mailto:cjlavin@molinarillonycia.cl\" target=\"_blank\" rel=\"noopener\">cjlavin@molinarillonycia.cl<\/a><\/p>\n<\/div>\n<\/div><\/div><\/div><\/div><\/div><\/div>","protected":false},"excerpt":{"rendered":"<p>Rodrigo\u00a0Molina Rill\u00f3n Abogado fundador del estudio Molina Rillon y C\u00eda desde el 2016, especializ\u00e1ndose en el Derecho penal y familia, contando\u00a0 con una amplia\u00a0 experiencia y capacitaci\u00f3n en esta \u00e1rea del Derecho. El abogado Rodrigo Molina se ha destacado en su ejercicio profesional de abogado como profesor universitario, donde se puede destacar lo siguiente en &#8230; <a title=\"Nosotros\" class=\"read-more\" href=\"https:\/\/www.molinarillonycia.cl\/index.php\/nosotros\/\">Leer m\u00e1s<\/a><\/p>\n","protected":false},"author":1,"featured_media":0,"parent":0,"menu_order":0,"comment_status":"closed","ping_status":"closed","template":"","meta":{"footnotes":""},"class_list":["post-8","page","type-page","status-publish"],"_links":{"self":[{"href":"https:\/\/www.molinarillonycia.cl\/index.php\/wp-json\/wp\/v2\/pages\/8"}],"collection":[{"href":"https:\/\/www.molinarillonycia.cl\/index.php\/wp-json\/wp\/v2\/pages"}],"about":[{"href":"https:\/\/www.molinarillonycia.cl\/index.php\/wp-json\/wp\/v2\/types\/page"}],"author":[{"embeddable":true,"href":"https:\/\/www.molinarillonycia.cl\/index.php\/wp-json\/wp\/v2\/users\/1"}],"replies":[{"embeddable":true,"href":"https:\/\/www.molinarillonycia.cl\/index.php\/wp-json\/wp\/v2\/comments?post=8"}],"version-history":[{"count":34,"href":"https:\/\/www.molinarillonycia.cl\/index.php\/wp-json\/wp\/v2\/pages\/8\/revisions"}],"predecessor-version":[{"id":532,"href":"https:\/\/www.molinarillonycia.cl\/index.php\/wp-json\/wp\/v2\/pages\/8\/revisions\/532"}],"wp:attachment":[{"href":"https:\/\/www.molinarillonycia.cl\/index.php\/wp-json\/wp\/v2\/media?parent=8"}],"curies":[{"name":"wp","href":"https:\/\/api.w.org\/{rel}","templated":true}]}}